{"id":6752,"date":"2021-12-28T15:47:39","date_gmt":"2021-12-28T15:47:39","guid":{"rendered":"https:\/\/mareterracoffee.com\/?page_id=6752"},"modified":"2025-09-08T11:39:23","modified_gmt":"2025-09-08T09:39:23","slug":"contacto","status":"publish","type":"page","link":"https:\/\/mareterracoffee.com\/es\/contacto\/","title":{"rendered":"Contacto"},"content":{"rendered":"\t\t<div data-elementor-type=\"wp-page\" data-elementor-id=\"6752\" class=\"elementor elementor-6752\" data-elementor-post-type=\"page\">\n\t\t\t\t\t\t<section class=\"elementor-section elementor-top-section elementor-element elementor-element-d99328a elementor-section-full_width elementor-section-height-default elementor-section-height-default\" data-id=\"d99328a\" data-element_type=\"section\" data-e-type=\"section\" data-settings=\"{&quot;background_background&quot;:&quot;classic&quot;,&quot;background_motion_fx_motion_fx_mouse&quot;:&quot;yes&quot;,&quot;animation&quot;:&quot;none&quot;}\">\n\t\t\t\t\t\t<div class=\"elementor-container elementor-column-gap-default\">\n\t\t\t\t\t<div class=\"elementor-column elementor-col-50 elementor-top-column elementor-element elementor-element-a1a3cf5\" data-id=\"a1a3cf5\" data-element_type=\"column\" data-e-type=\"column\">\n\t\t\t<div class=\"elementor-widget-wrap elementor-element-populated\">\n\t\t\t\t\t\t<div class=\"elementor-element elementor-element-639466b elementor-widget elementor-widget-heading\" data-id=\"639466b\" data-element_type=\"widget\" data-e-type=\"widget\" data-widget_type=\"heading.default\">\n\t\t\t\t<div class=\"elementor-widget-container\">\n\t\t\t\t\t<h4 class=\"elementor-heading-title elementor-size-default\">\u00bfTienes dudas? Hablemos<\/h4>\t\t\t\t<\/div>\n\t\t\t\t<\/div>\n\t\t\t\t<div class=\"elementor-element elementor-element-d70b2e3 elementor-widget elementor-widget-text-editor\" data-id=\"d70b2e3\" data-element_type=\"widget\" data-e-type=\"widget\" data-widget_type=\"text-editor.default\">\n\t\t\t\t<div class=\"elementor-widget-container\">\n\t\t\t\t\t\t\t\t\t<p>\u00a1Hola!<\/p><p>Nos alegra que quieras ponerte en contacto con nosotros. En Mare Terra Coffee, somos apasionados del caf\u00e9 verde y estamos comprometidos con ofrecerte la mejor calidad.<\/p><p>Si tienes alguna pregunta, comentario o simplemente deseas conocer m\u00e1s sobre nuestros caf\u00e9s, no dudes en escribirnos. Nuestro equipo est\u00e1 aqu\u00ed para ayudarte y proporcionarte toda la informaci\u00f3n que necesites.<\/p><p data-start=\"462\" data-end=\"564\">Para consultas, puedes completar nuestro formulario de contacto y te responderemos lo antes posible.<\/p><p data-start=\"566\" data-end=\"703\">Si deseas registrarte en nuestra tienda, por favor, utiliza el <a href=\"https:\/\/mareterracoffee.com\/es\/registro\/\"><strong data-start=\"648\" data-end=\"674\">formulario de registro<\/strong><\/a> disponible en nuestra web.\u00a0<\/p>\t\t\t\t\t\t\t\t<\/div>\n\t\t\t\t<\/div>\n\t\t\t\t\t<\/div>\n\t\t<\/div>\n\t\t\t\t<div class=\"elementor-column elementor-col-50 elementor-top-column elementor-element elementor-element-2ffb7f5\" data-id=\"2ffb7f5\" data-element_type=\"column\" data-e-type=\"column\">\n\t\t\t<div class=\"elementor-widget-wrap elementor-element-populated\">\n\t\t\t\t\t\t<div class=\"elementor-element elementor-element-98335d8 elementor-widget elementor-widget-shortcode\" data-id=\"98335d8\" data-element_type=\"widget\" data-e-type=\"widget\" data-widget_type=\"shortcode.default\">\n\t\t\t\t<div class=\"elementor-widget-container\">\n\t\t\t\t\t<script id='formScript3139119000054770036' src='https:\/\/crm.zoho.com\/crm\/WebFormServeServlet?rid=d1adfd5d528c7222bff6bdc94d5268b78a0d9a0beb8ad5b7bd4a1680e2d1a72cgidbe06706fab4cfa4241f9ef97265771033f31bf28d2af57eee18d37c3ac0ed390&amp;script=$sYG'><\/script>\t\t<div class=\"elementor-shortcode\">\n\n<\/div>\n\t\t\t\t\t\t<\/div>\n\t\t\t\t<\/div>\n\t\t\t\t\t<\/div>\n\t\t<\/div>\n\t\t\t\t\t<\/div>\n\t\t<\/section>\n\t\t\t\t<section class=\"elementor-section elementor-top-section elementor-element elementor-element-49db084 elementor-section-full_width elementor-section-height-default elementor-section-height-default\" data-id=\"49db084\" data-element_type=\"section\" data-e-type=\"section\" id=\"contacte\" data-settings=\"{&quot;background_background&quot;:&quot;classic&quot;,&quot;background_motion_fx_motion_fx_mouse&quot;:&quot;yes&quot;,&quot;animation&quot;:&quot;none&quot;}\">\n\t\t\t\t\t\t<div class=\"elementor-container elementor-column-gap-default\">\n\t\t\t\t\t<div class=\"elementor-column elementor-col-50 elementor-top-column elementor-element elementor-element-688711f\" data-id=\"688711f\" data-element_type=\"column\" data-e-type=\"column\">\n\t\t\t<div class=\"elementor-widget-wrap elementor-element-populated\">\n\t\t\t\t\t\t<div class=\"elementor-element elementor-element-f355188 elementor-widget elementor-widget-heading\" data-id=\"f355188\" data-element_type=\"widget\" data-e-type=\"widget\" data-widget_type=\"heading.default\">\n\t\t\t\t<div class=\"elementor-widget-container\">\n\t\t\t\t\t<h4 class=\"elementor-heading-title elementor-size-default\">Mare Terra Coffee<\/h4>\t\t\t\t<\/div>\n\t\t\t\t<\/div>\n\t\t\t\t<div class=\"elementor-element elementor-element-976ad80 elementor-widget elementor-widget-text-editor\" data-id=\"976ad80\" data-element_type=\"widget\" data-e-type=\"widget\" data-widget_type=\"text-editor.default\">\n\t\t\t\t<div class=\"elementor-widget-container\">\n\t\t\t\t\t\t\t\t\t<p><strong>Tel\u00e9fono:<\/strong> <a href=\"tel:34936363947\">(+34) 936 363 947<\/a><br \/><strong>Email:<\/strong> <a href=\"mailto:info@mareterracoffee.com\">info@mareterracoffee.com<\/a><br \/><strong>Horario: <\/strong>de lunes a jueves de 09:00h a 18:00h y viernes de 09:00h a 14:30h.<\/p>\t\t\t\t\t\t\t\t<\/div>\n\t\t\t\t<\/div>\n\t\t\t\t<div class=\"elementor-element elementor-element-28dddb4 elementor-hidden-desktop elementor-hidden-tablet elementor-hidden-mobile elementor-widget elementor-widget-text-editor\" data-id=\"28dddb4\" data-element_type=\"widget\" data-e-type=\"widget\" data-widget_type=\"text-editor.default\">\n\t\t\t\t<div class=\"elementor-widget-container\">\n\t\t\t\t\t\t\t\t\t<p><strong>Tel\u00e9fono:<\/strong> <a href=\"tel:34936363947\">(+34) 936 363 947<\/a><br><strong>Email:<\/strong> <a href=\"mailto:info@mareterracoffee.com\">info@mareterracoffee.com<\/a><br><strong>Horario de verano: <\/strong>de lunes a jueves de 09:00h a 15:00h y viernes de 09:00h a 14:30h hasta el 05 de Septiembre&nbsp;<\/p>\n<p><\/p>\n<div>&nbsp;<\/div>\t\t\t\t\t\t\t\t<\/div>\n\t\t\t\t<\/div>\n\t\t\t\t\t<\/div>\n\t\t<\/div>\n\t\t\t\t<div class=\"elementor-column elementor-col-50 elementor-top-column elementor-element elementor-element-1595d19\" data-id=\"1595d19\" data-element_type=\"column\" data-e-type=\"column\">\n\t\t\t<div class=\"elementor-widget-wrap elementor-element-populated\">\n\t\t\t\t\t\t<div class=\"elementor-element elementor-element-0b99451 elementor-widget elementor-widget-heading\" data-id=\"0b99451\" data-element_type=\"widget\" data-e-type=\"widget\" data-widget_type=\"heading.default\">\n\t\t\t\t<div class=\"elementor-widget-container\">\n\t\t\t\t\t<h4 class=\"elementor-heading-title elementor-size-default\">Oficinas<\/h4>\t\t\t\t<\/div>\n\t\t\t\t<\/div>\n\t\t\t\t<div class=\"elementor-element elementor-element-38fd0ee elementor-widget elementor-widget-text-editor\" data-id=\"38fd0ee\" data-element_type=\"widget\" data-e-type=\"widget\" data-widget_type=\"text-editor.default\">\n\t\t\t\t<div class=\"elementor-widget-container\">\n\t\t\t\t\t\t\t\t\t<p><b><a href=\"https:\/\/goo.gl\/maps\/XpMswiWfsr6jwPZ7A\">Universidad Polit\u00e9cnica de Catalu\u00f1a<\/a><br \/><\/b>Campus del Baix Llobregat. Edifici RDIT &#8211; Rooms 309 \/ 10 \/ 11.<br \/>Esteve Terradas, 1 &#8211; 08860 Castelldefels (Barcelona)<\/p>\t\t\t\t\t\t\t\t<\/div>\n\t\t\t\t<\/div>\n\t\t\t\t\t<\/div>\n\t\t<\/div>\n\t\t\t\t\t<\/div>\n\t\t<\/section>\n\t\t\t\t<\/div>\n\t\t","protected":false},"excerpt":{"rendered":"<p>\u00bfTienes dudas? Hablemos \u00a1Hola! Nos alegra que quieras ponerte en contacto con nosotros. En Mare Terra Coffee, somos apasionados del caf\u00e9 verde y estamos comprometidos con ofrecerte la mejor calidad. Si tienes alguna pregunta, comentario o simplemente deseas conocer m\u00e1s sobre nuestros caf\u00e9s, no dudes en escribirnos. Nuestro equipo est\u00e1 aqu\u00ed para ayudarte y proporcionarte [&hellip;]<\/p>\n","protected":false},"author":1,"featured_media":0,"parent":0,"menu_order":0,"comment_status":"closed","ping_status":"closed","template":"","meta":{"_acf_changed":false,"footnotes":""},"class_list":["post-6752","page","type-page","status-publish","hentry"],"acf":[],"yoast_head":"<!-- This site is optimized with the Yoast SEO plugin v27.4 - https:\/\/yoast.com\/product\/yoast-seo-wordpress\/ -->\n<title>Contacto - Mare Terra Coffee<\/title>\n<meta name=\"description\" content=\"Contacta con nosotros. Nuestro equipo de servicio a tostadores trabaja para darte servicio.\" \/>\n<meta name=\"robots\" content=\"index, follow, max-snippet:-1, max-image-preview:large, max-video-preview:-1\" \/>\n<link rel=\"canonical\" href=\"https:\/\/mareterracoffee.com\/es\/contacto\/\" \/>\n<meta property=\"og:locale\" content=\"es_ES\" \/>\n<meta property=\"og:type\" content=\"article\" \/>\n<meta property=\"og:title\" content=\"Contacto - Mare Terra Coffee\" \/>\n<meta property=\"og:description\" content=\"Contacta con nosotros. Nuestro equipo de servicio a tostadores trabaja para darte servicio.\" \/>\n<meta property=\"og:url\" content=\"https:\/\/mareterracoffee.com\/es\/contacto\/\" \/>\n<meta property=\"og:site_name\" content=\"Mare Terra Coffee\" \/>\n<meta property=\"article:modified_time\" content=\"2025-09-08T09:39:23+00:00\" \/>\n<meta name=\"twitter:card\" content=\"summary_large_image\" \/>\n<meta name=\"twitter:label1\" content=\"Tiempo de lectura\" \/>\n\t<meta name=\"twitter:data1\" content=\"1 minuto\" \/>\n<script type=\"application\/ld+json\" class=\"yoast-schema-graph\">{\"@context\":\"https:\\\/\\\/schema.org\",\"@graph\":[{\"@type\":\"WebPage\",\"@id\":\"https:\\\/\\\/mareterracoffee.com\\\/es\\\/contacto\\\/\",\"url\":\"https:\\\/\\\/mareterracoffee.com\\\/es\\\/contacto\\\/\",\"name\":\"Contacto - Mare Terra Coffee\",\"isPartOf\":{\"@id\":\"https:\\\/\\\/mareterracoffee.com\\\/es\\\/#website\"},\"datePublished\":\"2021-12-28T15:47:39+00:00\",\"dateModified\":\"2025-09-08T09:39:23+00:00\",\"description\":\"Contacta con nosotros. Nuestro equipo de servicio a tostadores trabaja para darte servicio.\",\"breadcrumb\":{\"@id\":\"https:\\\/\\\/mareterracoffee.com\\\/es\\\/contacto\\\/#breadcrumb\"},\"inLanguage\":\"es\",\"potentialAction\":[{\"@type\":\"ReadAction\",\"target\":[\"https:\\\/\\\/mareterracoffee.com\\\/es\\\/contacto\\\/\"]}]},{\"@type\":\"BreadcrumbList\",\"@id\":\"https:\\\/\\\/mareterracoffee.com\\\/es\\\/contacto\\\/#breadcrumb\",\"itemListElement\":[{\"@type\":\"ListItem\",\"position\":1,\"name\":\"Portada\",\"item\":\"https:\\\/\\\/mareterracoffee.com\\\/es\\\/\"},{\"@type\":\"ListItem\",\"position\":2,\"name\":\"Contacto\"}]},{\"@type\":\"WebSite\",\"@id\":\"https:\\\/\\\/mareterracoffee.com\\\/es\\\/#website\",\"url\":\"https:\\\/\\\/mareterracoffee.com\\\/es\\\/\",\"name\":\"Mare Terra Coffee\",\"description\":\"Importador \\\/ Exportador de Caf\u00e9 verde\",\"publisher\":{\"@id\":\"https:\\\/\\\/mareterracoffee.com\\\/es\\\/#organization\"},\"potentialAction\":[{\"@type\":\"SearchAction\",\"target\":{\"@type\":\"EntryPoint\",\"urlTemplate\":\"https:\\\/\\\/mareterracoffee.com\\\/es\\\/?s={search_term_string}\"},\"query-input\":{\"@type\":\"PropertyValueSpecification\",\"valueRequired\":true,\"valueName\":\"search_term_string\"}}],\"inLanguage\":\"es\"},{\"@type\":\"Organization\",\"@id\":\"https:\\\/\\\/mareterracoffee.com\\\/es\\\/#organization\",\"name\":\"Mare Terra Coffee\",\"url\":\"https:\\\/\\\/mareterracoffee.com\\\/es\\\/\",\"logo\":{\"@type\":\"ImageObject\",\"inLanguage\":\"es\",\"@id\":\"https:\\\/\\\/mareterracoffee.com\\\/es\\\/#\\\/schema\\\/logo\\\/image\\\/\",\"url\":\"https:\\\/\\\/mareterracoffee.com\\\/wp-content\\\/uploads\\\/2023\\\/06\\\/marre-terra-1.svg\",\"contentUrl\":\"https:\\\/\\\/mareterracoffee.com\\\/wp-content\\\/uploads\\\/2023\\\/06\\\/marre-terra-1.svg\",\"width\":229,\"height\":52,\"caption\":\"Mare Terra Coffee\"},\"image\":{\"@id\":\"https:\\\/\\\/mareterracoffee.com\\\/es\\\/#\\\/schema\\\/logo\\\/image\\\/\"}}]}<\/script>\n<!-- \/ Yoast SEO plugin. -->","yoast_head_json":{"title":"Contacto - Mare Terra Coffee","description":"Contacta con nosotros. Nuestro equipo de servicio a tostadores trabaja para darte servicio.","robots":{"index":"index","follow":"follow","max-snippet":"max-snippet:-1","max-image-preview":"max-image-preview:large","max-video-preview":"max-video-preview:-1"},"canonical":"https:\/\/mareterracoffee.com\/es\/contacto\/","og_locale":"es_ES","og_type":"article","og_title":"Contacto - Mare Terra Coffee","og_description":"Contacta con nosotros. Nuestro equipo de servicio a tostadores trabaja para darte servicio.","og_url":"https:\/\/mareterracoffee.com\/es\/contacto\/","og_site_name":"Mare Terra Coffee","article_modified_time":"2025-09-08T09:39:23+00:00","twitter_card":"summary_large_image","twitter_misc":{"Tiempo de lectura":"1 minuto"},"schema":{"@context":"https:\/\/schema.org","@graph":[{"@type":"WebPage","@id":"https:\/\/mareterracoffee.com\/es\/contacto\/","url":"https:\/\/mareterracoffee.com\/es\/contacto\/","name":"Contacto - Mare Terra Coffee","isPartOf":{"@id":"https:\/\/mareterracoffee.com\/es\/#website"},"datePublished":"2021-12-28T15:47:39+00:00","dateModified":"2025-09-08T09:39:23+00:00","description":"Contacta con nosotros. Nuestro equipo de servicio a tostadores trabaja para darte servicio.","breadcrumb":{"@id":"https:\/\/mareterracoffee.com\/es\/contacto\/#breadcrumb"},"inLanguage":"es","potentialAction":[{"@type":"ReadAction","target":["https:\/\/mareterracoffee.com\/es\/contacto\/"]}]},{"@type":"BreadcrumbList","@id":"https:\/\/mareterracoffee.com\/es\/contacto\/#breadcrumb","itemListElement":[{"@type":"ListItem","position":1,"name":"Portada","item":"https:\/\/mareterracoffee.com\/es\/"},{"@type":"ListItem","position":2,"name":"Contacto"}]},{"@type":"WebSite","@id":"https:\/\/mareterracoffee.com\/es\/#website","url":"https:\/\/mareterracoffee.com\/es\/","name":"Mare Terra Coffee","description":"Importador \/ Exportador de Caf\u00e9 verde","publisher":{"@id":"https:\/\/mareterracoffee.com\/es\/#organization"},"potentialAction":[{"@type":"SearchAction","target":{"@type":"EntryPoint","urlTemplate":"https:\/\/mareterracoffee.com\/es\/?s={search_term_string}"},"query-input":{"@type":"PropertyValueSpecification","valueRequired":true,"valueName":"search_term_string"}}],"inLanguage":"es"},{"@type":"Organization","@id":"https:\/\/mareterracoffee.com\/es\/#organization","name":"Mare Terra Coffee","url":"https:\/\/mareterracoffee.com\/es\/","logo":{"@type":"ImageObject","inLanguage":"es","@id":"https:\/\/mareterracoffee.com\/es\/#\/schema\/logo\/image\/","url":"https:\/\/mareterracoffee.com\/wp-content\/uploads\/2023\/06\/marre-terra-1.svg","contentUrl":"https:\/\/mareterracoffee.com\/wp-content\/uploads\/2023\/06\/marre-terra-1.svg","width":229,"height":52,"caption":"Mare Terra Coffee"},"image":{"@id":"https:\/\/mareterracoffee.com\/es\/#\/schema\/logo\/image\/"}}]}},"_links":{"self":[{"href":"https:\/\/mareterracoffee.com\/es\/wp-json\/wp\/v2\/pages\/6752","targetHints":{"allow":["GET"]}}],"collection":[{"href":"https:\/\/mareterracoffee.com\/es\/wp-json\/wp\/v2\/pages"}],"about":[{"href":"https:\/\/mareterracoffee.com\/es\/wp-json\/wp\/v2\/types\/page"}],"author":[{"embeddable":true,"href":"https:\/\/mareterracoffee.com\/es\/wp-json\/wp\/v2\/users\/1"}],"replies":[{"embeddable":true,"href":"https:\/\/mareterracoffee.com\/es\/wp-json\/wp\/v2\/comments?post=6752"}],"version-history":[{"count":3,"href":"https:\/\/mareterracoffee.com\/es\/wp-json\/wp\/v2\/pages\/6752\/revisions"}],"predecessor-version":[{"id":151452,"href":"https:\/\/mareterracoffee.com\/es\/wp-json\/wp\/v2\/pages\/6752\/revisions\/151452"}],"wp:attachment":[{"href":"https:\/\/mareterracoffee.com\/es\/wp-json\/wp\/v2\/media?parent=6752"}],"curies":[{"name":"wp","href":"https:\/\/api.w.org\/{rel}","templated":true}]}}