{"id":124813,"date":"2023-07-07T10:33:28","date_gmt":"2023-07-07T08:33:28","guid":{"rendered":"https:\/\/mareterracoffee.com\/projets-sociaux\/"},"modified":"2026-01-13T12:00:18","modified_gmt":"2026-01-13T11:00:18","slug":"projets-sociaux","status":"publish","type":"page","link":"https:\/\/mareterracoffee.com\/fr\/projets-sociaux\/","title":{"rendered":"Projets sociaux \u00e0 Origen gr\u00e2ce au caf\u00e9"},"content":{"rendered":"\t\t<div data-elementor-type=\"wp-page\" data-elementor-id=\"124813\" class=\"elementor elementor-124813 elementor-116954\" data-elementor-post-type=\"page\">\n\t\t\t\t\t\t<section class=\"elementor-section elementor-top-section elementor-element elementor-element-96aef0b elementor-section-full_width elementor-reverse-mobile elementor-section-height-min-height elementor-section-items-bottom elementor-section-height-default\" data-id=\"96aef0b\" data-element_type=\"section\" data-e-type=\"section\" data-settings=\"{&quot;background_background&quot;:&quot;classic&quot;}\">\n\t\t\t\t\t\t\t<div class=\"elementor-background-overlay\"><\/div>\n\t\t\t\t\t\t\t<div class=\"elementor-container elementor-column-gap-default\">\n\t\t\t\t\t<div class=\"elementor-column elementor-col-100 elementor-top-column elementor-element elementor-element-9e5da45\" data-id=\"9e5da45\" data-element_type=\"column\" data-e-type=\"column\">\n\t\t\t<div class=\"elementor-widget-wrap elementor-element-populated\">\n\t\t\t\t\t\t<div class=\"elementor-element elementor-element-911b1fa elementor-widget elementor-widget-heading\" data-id=\"911b1fa\" data-element_type=\"widget\" data-e-type=\"widget\" data-widget_type=\"heading.default\">\n\t\t\t\t<div class=\"elementor-widget-container\">\n\t\t\t\t\t<h1 class=\"elementor-heading-title elementor-size-default\">Nos projets \u00e0 la source<\/h1>\t\t\t\t<\/div>\n\t\t\t\t<\/div>\n\t\t\t\t<div class=\"elementor-element elementor-element-560372b elementor-widget elementor-widget-heading\" data-id=\"560372b\" data-element_type=\"widget\" data-e-type=\"widget\" data-widget_type=\"heading.default\">\n\t\t\t\t<div class=\"elementor-widget-container\">\n\t\t\t\t\t<h3 class=\"elementor-heading-title elementor-size-default\">Un impact positif gr\u00e2ce au caf\u00e9 vert<\/h3>\t\t\t\t<\/div>\n\t\t\t\t<\/div>\n\t\t\t\t\t<\/div>\n\t\t<\/div>\n\t\t\t\t\t<\/div>\n\t\t<\/section>\n\t\t\t\t<section class=\"elementor-section elementor-top-section elementor-element elementor-element-cb1909f elementor-section-full_width elementor-section-height-default elementor-section-height-default\" data-id=\"cb1909f\" data-element_type=\"section\" data-e-type=\"section\" data-settings=\"{&quot;background_background&quot;:&quot;classic&quot;,&quot;background_motion_fx_motion_fx_mouse&quot;:&quot;yes&quot;,&quot;animation&quot;:&quot;none&quot;}\">\n\t\t\t\t\t\t<div class=\"elementor-container elementor-column-gap-default\">\n\t\t\t\t\t<div class=\"elementor-column elementor-col-50 elementor-top-column elementor-element elementor-element-f2f95e4\" data-id=\"f2f95e4\" data-element_type=\"column\" data-e-type=\"column\">\n\t\t\t<div class=\"elementor-widget-wrap elementor-element-populated\">\n\t\t\t\t\t\t<div class=\"elementor-element elementor-element-b6ecb51 elementor-widget elementor-widget-image\" data-id=\"b6ecb51\" data-element_type=\"widget\" data-e-type=\"widget\" data-widget_type=\"image.default\">\n\t\t\t\t<div class=\"elementor-widget-container\">\n\t\t\t\t\t\t\t\t\t\t\t\t\t\t\t<img fetchpriority=\"high\" decoding=\"async\" width=\"594\" height=\"567\" src=\"https:\/\/mareterracoffee.com\/wp-content\/uploads\/2023\/06\/MTC-Comunidades.png\" class=\"attachment-full size-full wp-image-121504\" alt=\"\" srcset=\"https:\/\/mareterracoffee.com\/wp-content\/uploads\/2023\/06\/MTC-Comunidades.png 594w, https:\/\/mareterracoffee.com\/wp-content\/uploads\/2023\/06\/MTC-Comunidades-300x286.png 300w, https:\/\/mareterracoffee.com\/wp-content\/uploads\/2023\/06\/MTC-Comunidades-419x400.png 419w\" sizes=\"(max-width: 594px) 100vw, 594px\" \/>\t\t\t\t\t\t\t\t\t\t\t\t\t\t\t<\/div>\n\t\t\t\t<\/div>\n\t\t\t\t\t<\/div>\n\t\t<\/div>\n\t\t\t\t<div class=\"elementor-column elementor-col-50 elementor-top-column elementor-element elementor-element-1cfffab\" data-id=\"1cfffab\" data-element_type=\"column\" data-e-type=\"column\">\n\t\t\t<div class=\"elementor-widget-wrap elementor-element-populated\">\n\t\t\t\t\t\t<div class=\"elementor-element elementor-element-afe4400 elementor-widget elementor-widget-heading\" data-id=\"afe4400\" data-element_type=\"widget\" data-e-type=\"widget\" data-widget_type=\"heading.default\">\n\t\t\t\t<div class=\"elementor-widget-container\">\n\t\t\t\t\t<h2 class=\"elementor-heading-title elementor-size-default\">Transformer des vies et des communaut\u00e9s gr\u00e2ce au caf\u00e9 vert<\/h2>\t\t\t\t<\/div>\n\t\t\t\t<\/div>\n\t\t\t\t<div class=\"elementor-element elementor-element-0b77457 elementor-widget elementor-widget-text-editor\" data-id=\"0b77457\" data-element_type=\"widget\" data-e-type=\"widget\" data-widget_type=\"text-editor.default\">\n\t\t\t\t<div class=\"elementor-widget-container\">\n\t\t\t\t\t\t\t\t\t<p>Dans le cadre de notre engagement \u00e0 avoir un impact positif sur les communaut\u00e9s productrices de caf\u00e9, nous avons lanc\u00e9 une s\u00e9rie d&rsquo;initiatives visant \u00e0 promouvoir le d\u00e9veloppement durable, \u00e0 am\u00e9liorer les conditions de vie et \u00e0 favoriser l&rsquo;\u00e9galit\u00e9 des chances. Explorez nos projets et d\u00e9couvrez comment le caf\u00e9 vert devient un outil puissant pour transformer des vies et construire un avenir plus prosp\u00e8re.<\/p>\t\t\t\t\t\t\t\t<\/div>\n\t\t\t\t<\/div>\n\t\t\t\t\t<\/div>\n\t\t<\/div>\n\t\t\t\t\t<\/div>\n\t\t<\/section>\n\t\t\t\t<section class=\"elementor-section elementor-top-section elementor-element elementor-element-a69daf6 elementor-section-full_width elementor-reverse-mobile elementor-section-height-default elementor-section-height-default\" data-id=\"a69daf6\" data-element_type=\"section\" data-e-type=\"section\" data-settings=\"{&quot;background_background&quot;:&quot;classic&quot;,&quot;background_motion_fx_motion_fx_mouse&quot;:&quot;yes&quot;,&quot;animation&quot;:&quot;none&quot;}\">\n\t\t\t\t\t\t<div class=\"elementor-container elementor-column-gap-default\">\n\t\t\t\t\t<div class=\"elementor-column elementor-col-50 elementor-top-column elementor-element elementor-element-bfdea49\" data-id=\"bfdea49\" data-element_type=\"column\" data-e-type=\"column\">\n\t\t\t<div class=\"elementor-widget-wrap elementor-element-populated\">\n\t\t\t\t\t\t<div class=\"elementor-element elementor-element-c83e8fa elementor-widget elementor-widget-heading\" data-id=\"c83e8fa\" data-element_type=\"widget\" data-e-type=\"widget\" data-widget_type=\"heading.default\">\n\t\t\t\t<div class=\"elementor-widget-container\">\n\t\t\t\t\t<h3 class=\"elementor-heading-title elementor-size-default\">Projet de pr\u00e9vention du cancer du sein au Rwanda<\/h3>\t\t\t\t<\/div>\n\t\t\t\t<\/div>\n\t\t\t\t<div class=\"elementor-element elementor-element-1e750ad elementor-widget-divider--view-line elementor-widget elementor-widget-divider\" data-id=\"1e750ad\" data-element_type=\"widget\" data-e-type=\"widget\" data-widget_type=\"divider.default\">\n\t\t\t\t<div class=\"elementor-widget-container\">\n\t\t\t\t\t\t\t<div class=\"elementor-divider\">\n\t\t\t<span class=\"elementor-divider-separator\">\n\t\t\t\t\t\t<\/span>\n\t\t<\/div>\n\t\t\t\t\t\t<\/div>\n\t\t\t\t<\/div>\n\t\t\t\t<div class=\"elementor-element elementor-element-ffb019b elementor-widget elementor-widget-text-editor\" data-id=\"ffb019b\" data-element_type=\"widget\" data-e-type=\"widget\" data-widget_type=\"text-editor.default\">\n\t\t\t\t<div class=\"elementor-widget-container\">\n\t\t\t\t\t\t\t\t\t<p><span data-sheets-value=\"{\"1\":2,\"2\":\"De la mano de Baho Coffee, nuestro aliado en Ruanda, os damos la oportunidad de formar parte de este proyecto que se basa en la prevenci\u00f3n del c\u00e1ncer de mama para mujeres que se dedican a la caficltura en Ruanda.\"}\" data-sheets-userformat=\"{\"2\":7043,\"3\":{\"1\":0},\"4\":{\"1\":2,\"2\":14275305},\"10\":0,\"11\":4,\"12\":0,\"14\":{\"1\":2,\"2\":0},\"15\":\"Arial\"}\">En collaboration avec Baho Coffee, notre partenaire au Rwanda, nous favorisons la sant\u00e9 et le bien-\u00eatre des communaut\u00e9s caf\u00e9icoles \u00e0 travers des<strong> sessions \u00e9ducatives sur la d\u00e9tection pr\u00e9coce du cancer du sein.<\/strong> Destin\u00e9 principalement aux femmes cultivatrices de caf\u00e9 li\u00e9es aux stations de lavage de Baho Coffee, le projet propose une formation pratique \u00e0 l\u2019auto-examen mammaire, anim\u00e9e par des professionnels de sant\u00e9 locaux. <br><\/span><\/p>\t\t\t\t\t\t\t\t<\/div>\n\t\t\t\t<\/div>\n\t\t\t\t<div class=\"elementor-element elementor-element-add28ed elementor-widget elementor-widget-button\" data-id=\"add28ed\" data-element_type=\"widget\" data-e-type=\"widget\" data-widget_type=\"button.default\">\n\t\t\t\t<div class=\"elementor-widget-container\">\n\t\t\t\t\t\t\t\t\t<div class=\"elementor-button-wrapper\">\n\t\t\t\t\t<a class=\"elementor-button elementor-button-link elementor-size-sm\" href=\"https:\/\/mareterracoffee.com\/fr\/projet-de-prevention-du-cancer-du-sein-au-rwanda\/\">\n\t\t\t\t\t\t<span class=\"elementor-button-content-wrapper\">\n\t\t\t\t\t\t\t\t\t<span class=\"elementor-button-text\">D\u00e9couvrir plus<\/span>\n\t\t\t\t\t<\/span>\n\t\t\t\t\t<\/a>\n\t\t\t\t<\/div>\n\t\t\t\t\t\t\t\t<\/div>\n\t\t\t\t<\/div>\n\t\t\t\t\t<\/div>\n\t\t<\/div>\n\t\t\t\t<div class=\"elementor-column elementor-col-50 elementor-top-column elementor-element elementor-element-24e93ec\" data-id=\"24e93ec\" data-element_type=\"column\" data-e-type=\"column\">\n\t\t\t<div class=\"elementor-widget-wrap elementor-element-populated\">\n\t\t\t\t\t\t<div class=\"elementor-element elementor-element-143524d elementor-widget__width-auto elementor-widget elementor-widget-image\" data-id=\"143524d\" data-element_type=\"widget\" data-e-type=\"widget\" data-widget_type=\"image.default\">\n\t\t\t\t<div class=\"elementor-widget-container\">\n\t\t\t\t\t\t\t\t\t\t\t\t\t\t\t<img decoding=\"async\" width=\"1024\" height=\"1024\" src=\"https:\/\/mareterracoffee.com\/wp-content\/uploads\/2025\/09\/LOGO-BREAST-CANCER-PROJECT-RWANDA.png\" class=\"attachment-full size-full wp-image-151806\" alt=\"\" srcset=\"https:\/\/mareterracoffee.com\/wp-content\/uploads\/2025\/09\/LOGO-BREAST-CANCER-PROJECT-RWANDA.png 1024w, https:\/\/mareterracoffee.com\/wp-content\/uploads\/2025\/09\/LOGO-BREAST-CANCER-PROJECT-RWANDA-300x300.png 300w, https:\/\/mareterracoffee.com\/wp-content\/uploads\/2025\/09\/LOGO-BREAST-CANCER-PROJECT-RWANDA-150x150.png 150w, https:\/\/mareterracoffee.com\/wp-content\/uploads\/2025\/09\/LOGO-BREAST-CANCER-PROJECT-RWANDA-768x768.png 768w, https:\/\/mareterracoffee.com\/wp-content\/uploads\/2025\/09\/LOGO-BREAST-CANCER-PROJECT-RWANDA-400x400.png 400w, https:\/\/mareterracoffee.com\/wp-content\/uploads\/2025\/09\/LOGO-BREAST-CANCER-PROJECT-RWANDA-600x600.png 600w, https:\/\/mareterracoffee.com\/wp-content\/uploads\/2025\/09\/LOGO-BREAST-CANCER-PROJECT-RWANDA-100x100.png 100w\" sizes=\"(max-width: 1024px) 100vw, 1024px\" \/>\t\t\t\t\t\t\t\t\t\t\t\t\t\t\t<\/div>\n\t\t\t\t<\/div>\n\t\t\t\t\t<\/div>\n\t\t<\/div>\n\t\t\t\t\t<\/div>\n\t\t<\/section>\n\t\t\t\t<section class=\"elementor-section elementor-top-section elementor-element elementor-element-daf4fdf elementor-section-full_width elementor-reverse-mobile elementor-section-height-default elementor-section-height-default\" data-id=\"daf4fdf\" data-element_type=\"section\" data-e-type=\"section\" data-settings=\"{&quot;background_background&quot;:&quot;classic&quot;,&quot;background_motion_fx_motion_fx_mouse&quot;:&quot;yes&quot;,&quot;animation&quot;:&quot;none&quot;}\">\n\t\t\t\t\t\t<div class=\"elementor-container elementor-column-gap-default\">\n\t\t\t\t\t<div class=\"elementor-column elementor-col-50 elementor-top-column elementor-element elementor-element-e0a0e98\" data-id=\"e0a0e98\" data-element_type=\"column\" data-e-type=\"column\">\n\t\t\t<div class=\"elementor-widget-wrap elementor-element-populated\">\n\t\t\t\t\t\t<div class=\"elementor-element elementor-element-50772cd elementor-widget elementor-widget-heading\" data-id=\"50772cd\" data-element_type=\"widget\" data-e-type=\"widget\" data-widget_type=\"heading.default\">\n\t\t\t\t<div class=\"elementor-widget-container\">\n\t\t\t\t\t<h3 class=\"elementor-heading-title elementor-size-default\">Projet Young Coffee Legacy<\/h3>\t\t\t\t<\/div>\n\t\t\t\t<\/div>\n\t\t\t\t<div class=\"elementor-element elementor-element-5afde5d elementor-widget-divider--view-line elementor-widget elementor-widget-divider\" data-id=\"5afde5d\" data-element_type=\"widget\" data-e-type=\"widget\" data-widget_type=\"divider.default\">\n\t\t\t\t<div class=\"elementor-widget-container\">\n\t\t\t\t\t\t\t<div class=\"elementor-divider\">\n\t\t\t<span class=\"elementor-divider-separator\">\n\t\t\t\t\t\t<\/span>\n\t\t<\/div>\n\t\t\t\t\t\t<\/div>\n\t\t\t\t<\/div>\n\t\t\t\t<div class=\"elementor-element elementor-element-a21a395 elementor-widget elementor-widget-text-editor\" data-id=\"a21a395\" data-element_type=\"widget\" data-e-type=\"widget\" data-widget_type=\"text-editor.default\">\n\t\t\t\t<div class=\"elementor-widget-container\">\n\t\t\t\t\t\t\t\t\t<p>Notre projet social vise \u00e0 promouvoir un changement de g\u00e9n\u00e9ration dans les pays producteurs de caf\u00e9, en <strong>motivant et en formant les jeunes \u00e0 consid\u00e9rer le caf\u00e9 de sp\u00e9cialit\u00e9 comme une opportunit\u00e9 professionnelle pour l&rsquo;avenir.<\/strong><\/p><p>\u00c0 travers des ateliers, des conf\u00e9rences et des exp\u00e9riences pratiques, nous promouvons la connaissance de toute la cha\u00eene de valeur du caf\u00e9, le leadership des jeunes, la participation des femmes et le d\u00e9veloppement de mod\u00e8les durables \u00e0 impact social. <\/p>\t\t\t\t\t\t\t\t<\/div>\n\t\t\t\t<\/div>\n\t\t\t\t<div class=\"elementor-element elementor-element-3ff61d8 elementor-widget elementor-widget-button\" data-id=\"3ff61d8\" data-element_type=\"widget\" data-e-type=\"widget\" data-widget_type=\"button.default\">\n\t\t\t\t<div class=\"elementor-widget-container\">\n\t\t\t\t\t\t\t\t\t<div class=\"elementor-button-wrapper\">\n\t\t\t\t\t<a class=\"elementor-button elementor-button-link elementor-size-sm\" href=\"https:\/\/mareterracoffee.com\/fr\/projet-young-coffee-legacy\/\">\n\t\t\t\t\t\t<span class=\"elementor-button-content-wrapper\">\n\t\t\t\t\t\t\t\t\t<span class=\"elementor-button-text\">D\u00e9couvrir plus<\/span>\n\t\t\t\t\t<\/span>\n\t\t\t\t\t<\/a>\n\t\t\t\t<\/div>\n\t\t\t\t\t\t\t\t<\/div>\n\t\t\t\t<\/div>\n\t\t\t\t\t<\/div>\n\t\t<\/div>\n\t\t\t\t<div class=\"elementor-column elementor-col-50 elementor-top-column elementor-element elementor-element-a65ea87\" data-id=\"a65ea87\" data-element_type=\"column\" data-e-type=\"column\">\n\t\t\t<div class=\"elementor-widget-wrap elementor-element-populated\">\n\t\t\t\t\t\t<div class=\"elementor-element elementor-element-89e5122 elementor-widget__width-auto elementor-widget elementor-widget-image\" data-id=\"89e5122\" data-element_type=\"widget\" data-e-type=\"widget\" data-widget_type=\"image.default\">\n\t\t\t\t<div class=\"elementor-widget-container\">\n\t\t\t\t\t\t\t\t\t\t\t\t\t\t\t<img decoding=\"async\" width=\"1024\" height=\"1024\" src=\"https:\/\/mareterracoffee.com\/wp-content\/uploads\/2025\/10\/Logo-Coffee-YOUNG-COFFEE-LEGACY.png\" class=\"attachment-full size-full wp-image-152638\" alt=\"\" srcset=\"https:\/\/mareterracoffee.com\/wp-content\/uploads\/2025\/10\/Logo-Coffee-YOUNG-COFFEE-LEGACY.png 1024w, https:\/\/mareterracoffee.com\/wp-content\/uploads\/2025\/10\/Logo-Coffee-YOUNG-COFFEE-LEGACY-300x300.png 300w, https:\/\/mareterracoffee.com\/wp-content\/uploads\/2025\/10\/Logo-Coffee-YOUNG-COFFEE-LEGACY-150x150.png 150w, https:\/\/mareterracoffee.com\/wp-content\/uploads\/2025\/10\/Logo-Coffee-YOUNG-COFFEE-LEGACY-768x768.png 768w, https:\/\/mareterracoffee.com\/wp-content\/uploads\/2025\/10\/Logo-Coffee-YOUNG-COFFEE-LEGACY-400x400.png 400w\" sizes=\"(max-width: 1024px) 100vw, 1024px\" \/>\t\t\t\t\t\t\t\t\t\t\t\t\t\t\t<\/div>\n\t\t\t\t<\/div>\n\t\t\t\t\t<\/div>\n\t\t<\/div>\n\t\t\t\t\t<\/div>\n\t\t<\/section>\n\t\t\t\t<section class=\"elementor-section elementor-top-section elementor-element elementor-element-00c4297 elementor-section-full_width elementor-reverse-mobile elementor-section-height-default elementor-section-height-default\" data-id=\"00c4297\" data-element_type=\"section\" data-e-type=\"section\" data-settings=\"{&quot;background_background&quot;:&quot;classic&quot;,&quot;background_motion_fx_motion_fx_mouse&quot;:&quot;yes&quot;,&quot;animation&quot;:&quot;none&quot;}\">\n\t\t\t\t\t\t<div class=\"elementor-container elementor-column-gap-default\">\n\t\t\t\t\t<div class=\"elementor-column elementor-col-50 elementor-top-column elementor-element elementor-element-60a8fe4\" data-id=\"60a8fe4\" data-element_type=\"column\" data-e-type=\"column\">\n\t\t\t<div class=\"elementor-widget-wrap elementor-element-populated\">\n\t\t\t\t\t\t<div class=\"elementor-element elementor-element-41d0e44 elementor-widget elementor-widget-heading\" data-id=\"41d0e44\" data-element_type=\"widget\" data-e-type=\"widget\" data-widget_type=\"heading.default\">\n\t\t\t\t<div class=\"elementor-widget-container\">\n\t\t\t\t\t<h3 class=\"elementor-heading-title elementor-size-default\">Projet Green Field<\/h3>\t\t\t\t<\/div>\n\t\t\t\t<\/div>\n\t\t\t\t<div class=\"elementor-element elementor-element-726680a elementor-widget-divider--view-line elementor-widget elementor-widget-divider\" data-id=\"726680a\" data-element_type=\"widget\" data-e-type=\"widget\" data-widget_type=\"divider.default\">\n\t\t\t\t<div class=\"elementor-widget-container\">\n\t\t\t\t\t\t\t<div class=\"elementor-divider\">\n\t\t\t<span class=\"elementor-divider-separator\">\n\t\t\t\t\t\t<\/span>\n\t\t<\/div>\n\t\t\t\t\t\t<\/div>\n\t\t\t\t<\/div>\n\t\t\t\t<div class=\"elementor-element elementor-element-5c68acd elementor-widget elementor-widget-text-editor\" data-id=\"5c68acd\" data-element_type=\"widget\" data-e-type=\"widget\" data-widget_type=\"text-editor.default\">\n\t\t\t\t<div class=\"elementor-widget-container\">\n\t\t\t\t\t\t\t\t\t<p>Notre projet social \u00e0 l\u2019origine qui <strong>utilise le sport pour favoriser le bien-\u00eatre et la coh\u00e9sion entre les personnes qui travaillent dans la cha\u00eene du caf\u00e9 <\/strong>: producteurs, \u00e9quipes des stations de lavage, familles et jeunes.<br data-start=\"288\" data-end=\"291\">\u00c0 travers des matchs, des entra\u00eenements et des courses, nous cr\u00e9ons des espaces de d\u00e9connexion et de soin physique et \u00e9motionnel, nous encourageons des habitudes de vie saines, la participation des femmes et des nouvelles g\u00e9n\u00e9rations, et nous \u00e9coutons directement les besoins des communaut\u00e9s caf\u00e9i\u00e8res avec lesquelles nous travaillons.<\/p>\t\t\t\t\t\t\t\t<\/div>\n\t\t\t\t<\/div>\n\t\t\t\t<div class=\"elementor-element elementor-element-9a33af6 elementor-widget elementor-widget-button\" data-id=\"9a33af6\" data-element_type=\"widget\" data-e-type=\"widget\" data-widget_type=\"button.default\">\n\t\t\t\t<div class=\"elementor-widget-container\">\n\t\t\t\t\t\t\t\t\t<div class=\"elementor-button-wrapper\">\n\t\t\t\t\t<a class=\"elementor-button elementor-button-link elementor-size-sm\" href=\"https:\/\/mareterracoffee.com\/fr\/green-field-projet\/\">\n\t\t\t\t\t\t<span class=\"elementor-button-content-wrapper\">\n\t\t\t\t\t\t\t\t\t<span class=\"elementor-button-text\">D\u00e9couvrir plus<\/span>\n\t\t\t\t\t<\/span>\n\t\t\t\t\t<\/a>\n\t\t\t\t<\/div>\n\t\t\t\t\t\t\t\t<\/div>\n\t\t\t\t<\/div>\n\t\t\t\t\t<\/div>\n\t\t<\/div>\n\t\t\t\t<div class=\"elementor-column elementor-col-50 elementor-top-column elementor-element elementor-element-0fb7ff9\" data-id=\"0fb7ff9\" data-element_type=\"column\" data-e-type=\"column\">\n\t\t\t<div class=\"elementor-widget-wrap elementor-element-populated\">\n\t\t\t\t\t\t<div class=\"elementor-element elementor-element-aea9e07 elementor-widget__width-auto elementor-widget elementor-widget-image\" data-id=\"aea9e07\" data-element_type=\"widget\" data-e-type=\"widget\" data-widget_type=\"image.default\">\n\t\t\t\t<div class=\"elementor-widget-container\">\n\t\t\t\t\t\t\t\t\t\t\t\t\t\t\t<img loading=\"lazy\" decoding=\"async\" width=\"1024\" height=\"1024\" src=\"https:\/\/mareterracoffee.com\/wp-content\/uploads\/2025\/12\/LOGO-GREEN-FIELDS.png\" class=\"attachment-full size-full wp-image-155437\" alt=\"\" srcset=\"https:\/\/mareterracoffee.com\/wp-content\/uploads\/2025\/12\/LOGO-GREEN-FIELDS.png 1024w, https:\/\/mareterracoffee.com\/wp-content\/uploads\/2025\/12\/LOGO-GREEN-FIELDS-300x300.png 300w, https:\/\/mareterracoffee.com\/wp-content\/uploads\/2025\/12\/LOGO-GREEN-FIELDS-150x150.png 150w, https:\/\/mareterracoffee.com\/wp-content\/uploads\/2025\/12\/LOGO-GREEN-FIELDS-768x768.png 768w, https:\/\/mareterracoffee.com\/wp-content\/uploads\/2025\/12\/LOGO-GREEN-FIELDS-400x400.png 400w, https:\/\/mareterracoffee.com\/wp-content\/uploads\/2025\/12\/LOGO-GREEN-FIELDS-600x600.png 600w, https:\/\/mareterracoffee.com\/wp-content\/uploads\/2025\/12\/LOGO-GREEN-FIELDS-100x100.png 100w\" sizes=\"(max-width: 1024px) 100vw, 1024px\" \/>\t\t\t\t\t\t\t\t\t\t\t\t\t\t\t<\/div>\n\t\t\t\t<\/div>\n\t\t\t\t\t<\/div>\n\t\t<\/div>\n\t\t\t\t\t<\/div>\n\t\t<\/section>\n\t\t\t\t<\/div>\n\t\t","protected":false},"excerpt":{"rendered":"<p>Nos projets \u00e0 la source Un impact positif gr\u00e2ce au caf\u00e9 vert Transformer des vies et des communaut\u00e9s gr\u00e2ce au caf\u00e9 vert Dans le cadre de notre engagement \u00e0 avoir un impact positif sur les communaut\u00e9s productrices de caf\u00e9, nous avons lanc\u00e9 une s\u00e9rie d&rsquo;initiatives visant \u00e0 promouvoir le d\u00e9veloppement durable, \u00e0 am\u00e9liorer les conditions [&hellip;]<\/p>\n","protected":false},"author":3,"featured_media":0,"parent":0,"menu_order":0,"comment_status":"closed","ping_status":"closed","template":"","meta":{"_acf_changed":false,"footnotes":""},"class_list":["post-124813","page","type-page","status-publish","hentry"],"acf":[],"yoast_head":"<!-- This site is optimized with the Yoast SEO plugin v27.4 - https:\/\/yoast.com\/product\/yoast-seo-wordpress\/ -->\n<title>Projets sociaux \u00e0 Origen gr\u00e2ce au caf\u00e9 - Mare Terra<\/title>\n<meta name=\"description\" content=\"D\u00e9couvrez nos projets sociaux et leur impact transformateur. Favoriser le changement social dans les pays producteurs de caf\u00e9\" \/>\n<meta name=\"robots\" content=\"index, follow, max-snippet:-1, max-image-preview:large, max-video-preview:-1\" \/>\n<link rel=\"canonical\" href=\"https:\/\/mareterracoffee.com\/fr\/projets-sociaux\/\" \/>\n<meta property=\"og:locale\" content=\"fr_FR\" \/>\n<meta property=\"og:type\" content=\"article\" \/>\n<meta property=\"og:title\" content=\"Projets sociaux \u00e0 Origen gr\u00e2ce au caf\u00e9 - Mare Terra\" \/>\n<meta property=\"og:description\" content=\"D\u00e9couvrez nos projets sociaux et leur impact transformateur. Favoriser le changement social dans les pays producteurs de caf\u00e9\" \/>\n<meta property=\"og:url\" content=\"https:\/\/mareterracoffee.com\/fr\/projets-sociaux\/\" \/>\n<meta property=\"og:site_name\" content=\"Mare Terra\" \/>\n<meta property=\"article:modified_time\" content=\"2026-01-13T11:00:18+00:00\" \/>\n<meta property=\"og:image\" content=\"https:\/\/mareterracoffee.com\/wp-content\/uploads\/2023\/06\/MTC-Comunidades.png\" \/>\n\t<meta property=\"og:image:width\" content=\"594\" \/>\n\t<meta property=\"og:image:height\" content=\"567\" \/>\n\t<meta property=\"og:image:type\" content=\"image\/png\" \/>\n<meta name=\"twitter:card\" content=\"summary_large_image\" \/>\n<meta name=\"twitter:label1\" content=\"Dur\u00e9e de lecture estim\u00e9e\" \/>\n\t<meta name=\"twitter:data1\" content=\"2 minutes\" \/>\n<script type=\"application\/ld+json\" class=\"yoast-schema-graph\">{\"@context\":\"https:\\\/\\\/schema.org\",\"@graph\":[{\"@type\":\"WebPage\",\"@id\":\"https:\\\/\\\/mareterracoffee.com\\\/fr\\\/projets-sociaux\\\/\",\"url\":\"https:\\\/\\\/mareterracoffee.com\\\/fr\\\/projets-sociaux\\\/\",\"name\":\"Projets sociaux \u00e0 Origen gr\u00e2ce au caf\u00e9 - Mare Terra\",\"isPartOf\":{\"@id\":\"https:\\\/\\\/mareterracoffee.com\\\/fr\\\/#website\"},\"primaryImageOfPage\":{\"@id\":\"https:\\\/\\\/mareterracoffee.com\\\/fr\\\/projets-sociaux\\\/#primaryimage\"},\"image\":{\"@id\":\"https:\\\/\\\/mareterracoffee.com\\\/fr\\\/projets-sociaux\\\/#primaryimage\"},\"thumbnailUrl\":\"https:\\\/\\\/mareterracoffee.com\\\/wp-content\\\/uploads\\\/2023\\\/06\\\/MTC-Comunidades.png\",\"datePublished\":\"2023-07-07T08:33:28+00:00\",\"dateModified\":\"2026-01-13T11:00:18+00:00\",\"description\":\"D\u00e9couvrez nos projets sociaux et leur impact transformateur. Favoriser le changement social dans les pays producteurs de caf\u00e9\",\"breadcrumb\":{\"@id\":\"https:\\\/\\\/mareterracoffee.com\\\/fr\\\/projets-sociaux\\\/#breadcrumb\"},\"inLanguage\":\"fr-FR\",\"potentialAction\":[{\"@type\":\"ReadAction\",\"target\":[\"https:\\\/\\\/mareterracoffee.com\\\/fr\\\/projets-sociaux\\\/\"]}]},{\"@type\":\"ImageObject\",\"inLanguage\":\"fr-FR\",\"@id\":\"https:\\\/\\\/mareterracoffee.com\\\/fr\\\/projets-sociaux\\\/#primaryimage\",\"url\":\"https:\\\/\\\/mareterracoffee.com\\\/wp-content\\\/uploads\\\/2023\\\/06\\\/MTC-Comunidades.png\",\"contentUrl\":\"https:\\\/\\\/mareterracoffee.com\\\/wp-content\\\/uploads\\\/2023\\\/06\\\/MTC-Comunidades.png\"},{\"@type\":\"BreadcrumbList\",\"@id\":\"https:\\\/\\\/mareterracoffee.com\\\/fr\\\/projets-sociaux\\\/#breadcrumb\",\"itemListElement\":[{\"@type\":\"ListItem\",\"position\":1,\"name\":\"Portada\",\"item\":\"https:\\\/\\\/mareterracoffee.com\\\/fr\\\/home\\\/\"},{\"@type\":\"ListItem\",\"position\":2,\"name\":\"Projets sociaux \u00e0 Origen gr\u00e2ce au caf\u00e9\"}]},{\"@type\":\"WebSite\",\"@id\":\"https:\\\/\\\/mareterracoffee.com\\\/fr\\\/#website\",\"url\":\"https:\\\/\\\/mareterracoffee.com\\\/fr\\\/\",\"name\":\"Mare Terra\",\"description\":\"Importateur \\\/ Exportateur de caf\u00e9 vert\",\"publisher\":{\"@id\":\"https:\\\/\\\/mareterracoffee.com\\\/fr\\\/#organization\"},\"potentialAction\":[{\"@type\":\"SearchAction\",\"target\":{\"@type\":\"EntryPoint\",\"urlTemplate\":\"https:\\\/\\\/mareterracoffee.com\\\/fr\\\/?s={search_term_string}\"},\"query-input\":{\"@type\":\"PropertyValueSpecification\",\"valueRequired\":true,\"valueName\":\"search_term_string\"}}],\"inLanguage\":\"fr-FR\"},{\"@type\":\"Organization\",\"@id\":\"https:\\\/\\\/mareterracoffee.com\\\/fr\\\/#organization\",\"name\":\"Mare Terra\",\"url\":\"https:\\\/\\\/mareterracoffee.com\\\/fr\\\/\",\"logo\":{\"@type\":\"ImageObject\",\"inLanguage\":\"fr-FR\",\"@id\":\"https:\\\/\\\/mareterracoffee.com\\\/fr\\\/#\\\/schema\\\/logo\\\/image\\\/\",\"url\":\"https:\\\/\\\/mareterracoffee.com\\\/wp-content\\\/uploads\\\/2023\\\/06\\\/marre-terra-1.svg\",\"contentUrl\":\"https:\\\/\\\/mareterracoffee.com\\\/wp-content\\\/uploads\\\/2023\\\/06\\\/marre-terra-1.svg\",\"width\":229,\"height\":52,\"caption\":\"Mare Terra\"},\"image\":{\"@id\":\"https:\\\/\\\/mareterracoffee.com\\\/fr\\\/#\\\/schema\\\/logo\\\/image\\\/\"}}]}<\/script>\n<!-- \/ Yoast SEO plugin. -->","yoast_head_json":{"title":"Projets sociaux \u00e0 Origen gr\u00e2ce au caf\u00e9 - Mare Terra","description":"D\u00e9couvrez nos projets sociaux et leur impact transformateur. Favoriser le changement social dans les pays producteurs de caf\u00e9","robots":{"index":"index","follow":"follow","max-snippet":"max-snippet:-1","max-image-preview":"max-image-preview:large","max-video-preview":"max-video-preview:-1"},"canonical":"https:\/\/mareterracoffee.com\/fr\/projets-sociaux\/","og_locale":"fr_FR","og_type":"article","og_title":"Projets sociaux \u00e0 Origen gr\u00e2ce au caf\u00e9 - Mare Terra","og_description":"D\u00e9couvrez nos projets sociaux et leur impact transformateur. Favoriser le changement social dans les pays producteurs de caf\u00e9","og_url":"https:\/\/mareterracoffee.com\/fr\/projets-sociaux\/","og_site_name":"Mare Terra","article_modified_time":"2026-01-13T11:00:18+00:00","og_image":[{"width":594,"height":567,"url":"https:\/\/mareterracoffee.com\/wp-content\/uploads\/2023\/06\/MTC-Comunidades.png","type":"image\/png"}],"twitter_card":"summary_large_image","twitter_misc":{"Dur\u00e9e de lecture estim\u00e9e":"2 minutes"},"schema":{"@context":"https:\/\/schema.org","@graph":[{"@type":"WebPage","@id":"https:\/\/mareterracoffee.com\/fr\/projets-sociaux\/","url":"https:\/\/mareterracoffee.com\/fr\/projets-sociaux\/","name":"Projets sociaux \u00e0 Origen gr\u00e2ce au caf\u00e9 - Mare Terra","isPartOf":{"@id":"https:\/\/mareterracoffee.com\/fr\/#website"},"primaryImageOfPage":{"@id":"https:\/\/mareterracoffee.com\/fr\/projets-sociaux\/#primaryimage"},"image":{"@id":"https:\/\/mareterracoffee.com\/fr\/projets-sociaux\/#primaryimage"},"thumbnailUrl":"https:\/\/mareterracoffee.com\/wp-content\/uploads\/2023\/06\/MTC-Comunidades.png","datePublished":"2023-07-07T08:33:28+00:00","dateModified":"2026-01-13T11:00:18+00:00","description":"D\u00e9couvrez nos projets sociaux et leur impact transformateur. Favoriser le changement social dans les pays producteurs de caf\u00e9","breadcrumb":{"@id":"https:\/\/mareterracoffee.com\/fr\/projets-sociaux\/#breadcrumb"},"inLanguage":"fr-FR","potentialAction":[{"@type":"ReadAction","target":["https:\/\/mareterracoffee.com\/fr\/projets-sociaux\/"]}]},{"@type":"ImageObject","inLanguage":"fr-FR","@id":"https:\/\/mareterracoffee.com\/fr\/projets-sociaux\/#primaryimage","url":"https:\/\/mareterracoffee.com\/wp-content\/uploads\/2023\/06\/MTC-Comunidades.png","contentUrl":"https:\/\/mareterracoffee.com\/wp-content\/uploads\/2023\/06\/MTC-Comunidades.png"},{"@type":"BreadcrumbList","@id":"https:\/\/mareterracoffee.com\/fr\/projets-sociaux\/#breadcrumb","itemListElement":[{"@type":"ListItem","position":1,"name":"Portada","item":"https:\/\/mareterracoffee.com\/fr\/home\/"},{"@type":"ListItem","position":2,"name":"Projets sociaux \u00e0 Origen gr\u00e2ce au caf\u00e9"}]},{"@type":"WebSite","@id":"https:\/\/mareterracoffee.com\/fr\/#website","url":"https:\/\/mareterracoffee.com\/fr\/","name":"Mare Terra","description":"Importateur \/ Exportateur de caf\u00e9 vert","publisher":{"@id":"https:\/\/mareterracoffee.com\/fr\/#organization"},"potentialAction":[{"@type":"SearchAction","target":{"@type":"EntryPoint","urlTemplate":"https:\/\/mareterracoffee.com\/fr\/?s={search_term_string}"},"query-input":{"@type":"PropertyValueSpecification","valueRequired":true,"valueName":"search_term_string"}}],"inLanguage":"fr-FR"},{"@type":"Organization","@id":"https:\/\/mareterracoffee.com\/fr\/#organization","name":"Mare Terra","url":"https:\/\/mareterracoffee.com\/fr\/","logo":{"@type":"ImageObject","inLanguage":"fr-FR","@id":"https:\/\/mareterracoffee.com\/fr\/#\/schema\/logo\/image\/","url":"https:\/\/mareterracoffee.com\/wp-content\/uploads\/2023\/06\/marre-terra-1.svg","contentUrl":"https:\/\/mareterracoffee.com\/wp-content\/uploads\/2023\/06\/marre-terra-1.svg","width":229,"height":52,"caption":"Mare Terra"},"image":{"@id":"https:\/\/mareterracoffee.com\/fr\/#\/schema\/logo\/image\/"}}]}},"_links":{"self":[{"href":"https:\/\/mareterracoffee.com\/fr\/wp-json\/wp\/v2\/pages\/124813","targetHints":{"allow":["GET"]}}],"collection":[{"href":"https:\/\/mareterracoffee.com\/fr\/wp-json\/wp\/v2\/pages"}],"about":[{"href":"https:\/\/mareterracoffee.com\/fr\/wp-json\/wp\/v2\/types\/page"}],"author":[{"embeddable":true,"href":"https:\/\/mareterracoffee.com\/fr\/wp-json\/wp\/v2\/users\/3"}],"replies":[{"embeddable":true,"href":"https:\/\/mareterracoffee.com\/fr\/wp-json\/wp\/v2\/comments?post=124813"}],"version-history":[{"count":3,"href":"https:\/\/mareterracoffee.com\/fr\/wp-json\/wp\/v2\/pages\/124813\/revisions"}],"predecessor-version":[{"id":155441,"href":"https:\/\/mareterracoffee.com\/fr\/wp-json\/wp\/v2\/pages\/124813\/revisions\/155441"}],"wp:attachment":[{"href":"https:\/\/mareterracoffee.com\/fr\/wp-json\/wp\/v2\/media?parent=124813"}],"curies":[{"name":"wp","href":"https:\/\/api.w.org\/{rel}","templated":true}]}}